{"id":81869,"date":"2022-10-26T11:56:55","date_gmt":"2022-10-26T09:56:55","guid":{"rendered":"https:\/\/subblim.com\/funda-ordenador-business-laptop-sleeve-156-grey\/"},"modified":"2026-09-07T00:27:38","modified_gmt":"2026-09-06T22:27:38","slug":"gabinete-de-computador-business-laptop-sleeve-156-cinza","status":"publish","type":"product","link":"https:\/\/subblim.com\/pt-pt\/gabinete-de-computador-business-laptop-sleeve-156-cinza\/","title":{"rendered":"Gabinete cinza para computador empresarial de 15,6&#8243;"},"content":{"rendered":"<ul>\n<li>Moderna e elegante capa para laptop de at\u00e9 15,6&#8243;.<\/li>\n<li>Cabe perfeitamente na sua mala para um transporte mais f\u00e1cil e leve.<\/li>\n<li>Ideal para o transporte di\u00e1rio do seu computador.<\/li>\n<li>Bolso frontal com z\u00edper para transportar acess\u00f3rios.<\/li>\n<li>Fechamento com z\u00edper duplo para prote\u00e7\u00e3o total.<\/li>\n<li>Interior acolchoado em veludo com enchimento de espuma.<\/li>\n<li>Al\u00e7as met\u00e1licas retr\u00e1teis.<\/li>\n<li>Al\u00e7a traseira ajust\u00e1vel para carrinho.<\/li>\n<li>Al\u00e7a de ombro ajust\u00e1vel.<\/li>\n<\/ul>\n<p>A Business \u00e9 uma capa para laptop vers\u00e1til e elegante, ideal para o transporte di\u00e1rio do seu computador. Suas al\u00e7as retr\u00e1teis ou al\u00e7a de ombro permitem que voc\u00ea a carregue com o maior conforto e no menor espa\u00e7o poss\u00edvel. <br \/>O interior da capa \u00e9 aveludado para evitar danos ao seu dispositivo e possui acolchoamento de espuma para prote\u00e7\u00e3o contra impactos ou quedas acidentais.<\/p>\n","protected":false},"excerpt":{"rendered":"<p> capa para laptop Business \u00e9 uma capa estilosa e vers\u00e1til que pode ser carregada na m\u00e3o com suas al\u00e7as retr\u00e1teis, no ombro com sua al\u00e7a transversal ou em uma mala, sempre proporcionando a melhor prote\u00e7\u00e3o para seu dispositivo.<\/p>\n","protected":false},"featured_media":78639,"template":"","meta":[],"product_brand":[],"product_cat":[1843,2168,2146,1842],"product_tag":[],"class_list":["post-81869","product","type-product","status-publish","has-post-thumbnail","product_cat-bolsas-e-capas-pt-pt","product_cat-capas-para-portateis-de-15-6-pt-pt","product_cat-capas-para-portatil-pt-pt","product_cat-menos-20-pt-pt","first","instock","taxable","shipping-taxable","purchasable","product-type-simple"],"_links":{"self":[{"href":"https:\/\/subblim.com\/pt-pt\/wp-json\/wp\/v2\/product\/81869","targetHints":{"allow":["GET"]}}],"collection":[{"href":"https:\/\/subblim.com\/pt-pt\/wp-json\/wp\/v2\/product"}],"about":[{"href":"https:\/\/subblim.com\/pt-pt\/wp-json\/wp\/v2\/types\/product"}],"version-history":[{"count":0,"href":"https:\/\/subblim.com\/pt-pt\/wp-json\/wp\/v2\/product\/81869\/revisions"}],"wp:featuredmedia":[{"embeddable":true,"href":"https:\/\/subblim.com\/pt-pt\/wp-json\/wp\/v2\/media\/78639"}],"wp:attachment":[{"href":"https:\/\/subblim.com\/pt-pt\/wp-json\/wp\/v2\/media?parent=81869"}],"wp:term":[{"taxonomy":"product_brand","embeddable":true,"href":"https:\/\/subblim.com\/pt-pt\/wp-json\/wp\/v2\/product_brand?post=81869"},{"taxonomy":"product_cat","embeddable":true,"href":"https:\/\/subblim.com\/pt-pt\/wp-json\/wp\/v2\/product_cat?post=81869"},{"taxonomy":"product_tag","embeddable":true,"href":"https:\/\/subblim.com\/pt-pt\/wp-json\/wp\/v2\/product_tag?post=81869"}],"curies":[{"name":"wp","href":"https:\/\/api.w.org\/{rel}","templated":true}]}}